{"id":8968,"date":"2021-12-03T20:23:05","date_gmt":"2021-12-03T18:23:05","guid":{"rendered":"https:\/\/sentou.fr\/?page_id=8968"},"modified":"2025-03-10T17:59:16","modified_gmt":"2025-03-10T15:59:16","slug":"judit-benach","status":"publish","type":"page","link":"https:\/\/sentou.fr\/el\/judit-benach\/","title":{"rendered":"Judit Benach"},"content":{"rendered":"<div data-elementor-type=\"wp-page\" data-elementor-id=\"8968\" class=\"elementor elementor-8968\" data-elementor-post-type=\"page\">\n\t\t\t\t<div class=\"elementor-element elementor-element-142c507 e-flex e-con-boxed e-con e-parent\" data-id=\"142c507\" data-element_type=\"container\" data-e-type=\"container\">\n\t\t\t\t\t<div class=\"e-con-inner\">\n\t\t\t\t<div class=\"elementor-element elementor-element-d64d818 elementor-widget elementor-widget-woocommerce-breadcrumb\" data-id=\"d64d818\" data-element_type=\"widget\" data-e-type=\"widget\" data-widget_type=\"woocommerce-breadcrumb.default\">\n\t\t\t\t<div class=\"elementor-widget-container\">\n\t\t\t\t\t<nav class=\"woocommerce-breadcrumb\" aria-label=\"Breadcrumb\" data-no-translation=\"\" data-trp-gettext=\"\">\u0391\u03c1\u03c7\u03b9\u03ba\u03ae \u03c3\u03b5\u03bb\u03af\u03b4\u03b1<\/nav>\t\t\t\t<\/div>\n\t\t\t\t<\/div>\n\t\t\t\t\t<\/div>\n\t\t\t\t<\/div>\n\t\t<div class=\"elementor-element elementor-element-f6589c2 e-flex e-con-boxed e-con e-parent\" data-id=\"f6589c2\" data-element_type=\"container\" data-e-type=\"container\" data-settings=\"{&quot;background_background&quot;:&quot;gradient&quot;}\">\n\t\t\t\t\t<div class=\"e-con-inner\">\n\t\t<div class=\"elementor-element elementor-element-1071dac e-con-full e-flex e-con e-child\" data-id=\"1071dac\" data-element_type=\"container\" data-e-type=\"container\">\n\t\t\t\t<div class=\"elementor-element elementor-element-e4ddcbc elementor-widget elementor-widget-image\" data-id=\"e4ddcbc\" data-element_type=\"widget\" data-e-type=\"widget\" data-settings=\"{&quot;_animation&quot;:&quot;none&quot;}\" data-widget_type=\"image.default\">\n\t\t\t\t<div class=\"elementor-widget-container\">\n\t\t\t\t\t\t\t\t\t\t\t\t\t\t\t<img fetchpriority=\"high\" decoding=\"async\" width=\"768\" height=\"768\" src=\"https:\/\/sentou.fr\/wp-content\/uploads\/2021\/12\/judit-benach-designer-mobile-solito-sentou-768x768.jpg\" class=\"attachment-medium_large size-medium_large wp-image-8851\" alt=\"Judit Benach, designer des mobiles Solito, vendus par Sentou\" srcset=\"https:\/\/sentou.fr\/wp-content\/uploads\/2021\/12\/judit-benach-designer-mobile-solito-sentou-768x768.jpg 768w, https:\/\/sentou.fr\/wp-content\/uploads\/2021\/12\/judit-benach-designer-mobile-solito-sentou-300x300.jpg 300w, https:\/\/sentou.fr\/wp-content\/uploads\/2021\/12\/judit-benach-designer-mobile-solito-sentou-150x150.jpg 150w, https:\/\/sentou.fr\/wp-content\/uploads\/2021\/12\/judit-benach-designer-mobile-solito-sentou-65x65.jpg 65w, https:\/\/sentou.fr\/wp-content\/uploads\/2021\/12\/judit-benach-designer-mobile-solito-sentou-12x12.jpg 12w, https:\/\/sentou.fr\/wp-content\/uploads\/2021\/12\/judit-benach-designer-mobile-solito-sentou-20x20.jpg 20w, https:\/\/sentou.fr\/wp-content\/uploads\/2021\/12\/judit-benach-designer-mobile-solito-sentou-600x600.jpg 600w, https:\/\/sentou.fr\/wp-content\/uploads\/2021\/12\/judit-benach-designer-mobile-solito-sentou-100x100.jpg 100w, https:\/\/sentou.fr\/wp-content\/uploads\/2021\/12\/judit-benach-designer-mobile-solito-sentou.jpg 800w\" sizes=\"(max-width: 768px) 100vw, 768px\" \/>\t\t\t\t\t\t\t\t\t\t\t\t\t\t\t<\/div>\n\t\t\t\t<\/div>\n\t\t\t\t<\/div>\n\t\t<div class=\"elementor-element elementor-element-d7b7012 e-con-full e-flex e-con e-child\" data-id=\"d7b7012\" data-element_type=\"container\" data-e-type=\"container\">\n\t\t\t\t<div class=\"elementor-element elementor-element-b82dc64 elementor-widget-divider--view-line_text elementor-widget-divider--element-align-left elementor-invisible elementor-widget elementor-widget-divider\" data-id=\"b82dc64\" data-element_type=\"widget\" data-e-type=\"widget\" data-settings=\"{&quot;_animation&quot;:&quot;slideInUp&quot;}\" data-widget_type=\"divider.default\">\n\t\t\t\t<div class=\"elementor-widget-container\">\n\t\t\t\t\t\t\t<div class=\"elementor-divider\">\n\t\t\t<span class=\"elementor-divider-separator\">\n\t\t\t\t\t\t\t<h1 class=\"elementor-divider__text elementor-divider__element\">\n\t\t\t\tJudit Benach\t\t\t\t<\/h1>\n\t\t\t\t\t\t<\/span>\n\t\t<\/div>\n\t\t\t\t\t\t<\/div>\n\t\t\t\t<\/div>\n\t\t\t\t<div class=\"elementor-element elementor-element-97221ad elementor-align-right elementor-widget elementor-widget-button\" data-id=\"97221ad\" data-element_type=\"widget\" data-e-type=\"widget\" data-widget_type=\"button.default\">\n\t\t\t\t<div class=\"elementor-widget-container\">\n\t\t\t\t\t\t\t\t\t<div class=\"elementor-button-wrapper\">\n\t\t\t\t\t<a class=\"elementor-button elementor-button-link elementor-size-sm\" href=\"#collection\">\n\t\t\t\t\t\t<span class=\"elementor-button-content-wrapper\">\n\t\t\t\t\t\t\t\t\t<span class=\"elementor-button-text\">Voir la collection<\/span>\n\t\t\t\t\t<\/span>\n\t\t\t\t\t<\/a>\n\t\t\t\t<\/div>\n\t\t\t\t\t\t\t\t<\/div>\n\t\t\t\t<\/div>\n\t\t\t\t<div class=\"elementor-element elementor-element-0f89ce7 elementor-widget elementor-widget-text-editor\" data-id=\"0f89ce7\" data-element_type=\"widget\" data-e-type=\"widget\" data-widget_type=\"text-editor.default\">\n\t\t\t\t<div class=\"elementor-widget-container\">\n\t\t\t\t\t\t\t\t\t<p style=\"margin: 0cm 0cm 19.2pt; background-image: initial; background-position: initial; background-size: initial; background-repeat: initial; background-attachment: initial; background-origin: initial; background-clip: initial;\"><span style=\"letter-spacing: -0.15pt;\">Judit a pass\u00e9 la plupart des \u00e9t\u00e9s de son enfance dans l\u2019atelier de c\u00e9ramique et de peinture de ses grands-parents, rattach\u00e9 \u00e0 la maison de campagne familiale sur la c\u00f4te m\u00e9diterran\u00e9enne, au sud de Barcelone. Elle s\u2019est toujours \u00e9merveill\u00e9e des formes et des objets color\u00e9s cr\u00e9\u00e9s dans cet espace, et cette exp\u00e9rience marque l\u2019origine de sa sensibilit\u00e9 cr\u00e9ative.<\/span><\/p><p style=\"margin: 0cm 0cm 19.2pt; background-image: initial; background-position: initial; background-size: initial; background-repeat: initial; background-attachment: initial; background-origin: initial; background-clip: initial;\"><span style=\"font-style: inherit;\"><span style=\"letter-spacing: -0.15pt;\">Elle a consacr\u00e9 17 ans de sa vie professionnelle au secteur du design, travaillant notamment dans le domaine du marketing pour des entreprises de design espagnoles telles que Mobles 114 (meubles et accessoires pour la maison et la collectivit\u00e9) et Nanimarquina (tapis et textiles contemporains), toutes deux situ\u00e9es \u00e0 Barcelone.<\/span><\/span><\/p><p style=\"margin: 0cm 0cm 19.2pt; background-image: initial; background-position: initial; background-size: initial; background-repeat: initial; background-attachment: initial; background-origin: initial; background-clip: initial;\"><span style=\"letter-spacing: -0.15pt;\">Apr\u00e8s une longue parenth\u00e8se priv\u00e9e sous la forme d\u2019un voyage autour du monde \u00e0 la voile pendant 10 ans<span style=\"font-style: inherit; font-weight: inherit;\">, elle s\u2019installe \u00e0 Majorque o\u00f9 na\u00eetra le projet SOLITO.\u00a0<\/span><\/span><\/p><p style=\"margin: 0cm 0cm 19.2pt; background-image: initial; background-position: initial; background-size: initial; background-repeat: initial; background-attachment: initial; background-origin: initial; background-clip: initial;\"><span style=\"font-style: inherit; font-weight: inherit;\"><span style=\"letter-spacing: -0.15pt;\">Sa passion pour les mobiles suspendus am\u00e8ne Judit \u00e0 en cr\u00e9er pour le plaisir, d\u2019abord pour sa maison, puis pour quelques amis. Petit \u00e0 petit, son projet prend forme et elle cr\u00e9e SOLITO.\u00a0<\/span><\/span><\/p><p style=\"margin: 0cm 0cm 19.2pt; background-image: initial; background-position: initial; background-size: initial; background-repeat: initial; background-attachment: initial; background-origin: initial; background-clip: initial;\"><span style=\"letter-spacing: -0.15pt; font-style: inherit; font-weight: inherit;\">Captiv\u00e9e par le mouvement doux et apaisant des mobiles, Judit aime cr\u00e9er et \u00e9quilibrer chacun d\u2019entre eux \u00e0 la main et les contempler lorsqu\u2019ils flottent dans l\u2019air, se d\u00e9pla\u00e7ant et cr\u00e9ant des formes infinies.<\/span><\/p>\t\t\t\t\t\t\t\t<\/div>\n\t\t\t\t<\/div>\n\t\t\t\t<\/div>\n\t\t\t\t\t<\/div>\n\t\t\t\t<\/div>\n\t\t<div class=\"elementor-element elementor-element-0faec31 e-flex e-con-boxed e-con e-parent\" data-id=\"0faec31\" data-element_type=\"container\" data-e-type=\"container\">\n\t\t\t\t\t<div class=\"e-con-inner\">\n\t\t\t\t<div class=\"elementor-element elementor-element-68696c4 elementor-widget-divider--view-line_text elementor-widget-divider--element-align-left elementor-invisible elementor-widget elementor-widget-divider\" data-id=\"68696c4\" data-element_type=\"widget\" data-e-type=\"widget\" data-settings=\"{&quot;_animation&quot;:&quot;slideInUp&quot;}\" data-widget_type=\"divider.default\">\n\t\t\t\t<div class=\"elementor-widget-container\">\n\t\t\t\t\t\t\t<div class=\"elementor-divider\">\n\t\t\t<span class=\"elementor-divider-separator\">\n\t\t\t\t\t\t\t<h2 class=\"elementor-divider__text elementor-divider__element\">\n\t\t\t\tUne fabrication artisanale aux finitions soign\u00e9es  \t\t\t\t<\/h2>\n\t\t\t\t\t\t<\/span>\n\t\t<\/div>\n\t\t\t\t\t\t<\/div>\n\t\t\t\t<\/div>\n\t\t\t\t<div class=\"elementor-element elementor-element-9754052 elementor-widget elementor-widget-gallery\" data-id=\"9754052\" data-element_type=\"widget\" data-e-type=\"widget\" data-settings=\"{&quot;gap&quot;:{&quot;unit&quot;:&quot;px&quot;,&quot;size&quot;:20,&quot;sizes&quot;:[]},&quot;aspect_ratio&quot;:&quot;1:1&quot;,&quot;overlay_title&quot;:&quot;title&quot;,&quot;gallery_layout&quot;:&quot;grid&quot;,&quot;columns&quot;:4,&quot;columns_tablet&quot;:2,&quot;columns_mobile&quot;:1,&quot;gap_tablet&quot;:{&quot;unit&quot;:&quot;px&quot;,&quot;size&quot;:10,&quot;sizes&quot;:[]},&quot;gap_mobile&quot;:{&quot;unit&quot;:&quot;px&quot;,&quot;size&quot;:10,&quot;sizes&quot;:[]},&quot;overlay_background&quot;:&quot;yes&quot;,&quot;content_hover_animation&quot;:&quot;fade-in&quot;}\" data-widget_type=\"gallery.default\">\n\t\t\t\t<div class=\"elementor-widget-container\">\n\t\t\t\t\t\t\t<div class=\"elementor-gallery__container\">\n\t\t\t\t\t\t\t<div class=\"e-gallery-item elementor-gallery-item elementor-animated-content\" tabindex=\"0\">\n\t\t\t\t\t<div class=\"e-gallery-image elementor-gallery-item__image\" data-thumbnail=\"https:\/\/sentou.fr\/wp-content\/uploads\/2021\/12\/mobile-solito-sentou-design-fabrication-artisanale-detail-1-300x300.jpg\" data-width=\"300\" data-height=\"300\" aria-label=\"D\u00e9tails des mobiles Solito, vendus par Sentou\" role=\"img\" ><\/div>\n\t\t\t\t\t\t\t\t\t\t\t<div class=\"elementor-gallery-item__overlay\"><\/div>\n\t\t\t\t\t\t\t\t\t\t\t\t\t\t\t<div class=\"elementor-gallery-item__content\">\n\t\t\t\t\t\t\t\t\t\t\t\t\t\t<div class=\"elementor-gallery-item__title\">\n\t\t\t\t\t\t\t\t\t\t\t\t\t\t\t\t\t\tLes mobiles SOLITO sont fabriqu\u00e9s \u00e0 la main\t\t\t\t\t\t\t\t<\/div>\n\t\t\t\t\t\t\t\t\t\t\t\t<\/div>\n\t\t\t\t\t\t\t\t\t<\/div>\n\t\t\t\t\t\t\t<div class=\"e-gallery-item elementor-gallery-item elementor-animated-content\" tabindex=\"0\">\n\t\t\t\t\t<div class=\"e-gallery-image elementor-gallery-item__image\" data-thumbnail=\"https:\/\/sentou.fr\/wp-content\/uploads\/2021\/12\/mobile-solito-sentou-design-fabrication-artisanale-detail-3-300x300.jpg\" data-width=\"300\" data-height=\"300\" aria-label=\"D\u00e9tails des mobiles Solito, vendus par Sentou\" role=\"img\" ><\/div>\n\t\t\t\t\t\t\t\t\t\t\t<div class=\"elementor-gallery-item__overlay\"><\/div>\n\t\t\t\t\t\t\t\t\t\t\t\t\t\t\t<div class=\"elementor-gallery-item__content\">\n\t\t\t\t\t\t\t\t\t\t\t\t\t\t<div class=\"elementor-gallery-item__title\">\n\t\t\t\t\t\t\t\t\t\t\t\t\t\t\t\t\t\tDes couleurs vives\t\t\t\t\t\t\t\t<\/div>\n\t\t\t\t\t\t\t\t\t\t\t\t<\/div>\n\t\t\t\t\t\t\t\t\t<\/div>\n\t\t\t\t\t\t\t<div class=\"e-gallery-item elementor-gallery-item elementor-animated-content\" tabindex=\"0\">\n\t\t\t\t\t<div class=\"e-gallery-image elementor-gallery-item__image\" data-thumbnail=\"https:\/\/sentou.fr\/wp-content\/uploads\/2021\/12\/mobile-solito-sentou-design-fabrication-artisanale-detail-2-300x300.jpg\" data-width=\"300\" data-height=\"300\" aria-label=\"D\u00e9tails des mobiles Solito, vendus par Sentou\" role=\"img\" ><\/div>\n\t\t\t\t\t\t\t\t\t\t\t<div class=\"elementor-gallery-item__overlay\"><\/div>\n\t\t\t\t\t\t\t\t\t\t\t\t\t\t\t<div class=\"elementor-gallery-item__content\">\n\t\t\t\t\t\t\t\t\t\t\t\t\t\t<div class=\"elementor-gallery-item__title\">\n\t\t\t\t\t\t\t\t\t\t\t\t\t\t\t\t\t\tDes mat\u00e9riaux de qualit\u00e9\t\t\t\t\t\t\t\t<\/div>\n\t\t\t\t\t\t\t\t\t\t\t\t<\/div>\n\t\t\t\t\t\t\t\t\t<\/div>\n\t\t\t\t\t\t\t<div class=\"e-gallery-item elementor-gallery-item elementor-animated-content\" tabindex=\"0\">\n\t\t\t\t\t<div class=\"e-gallery-image elementor-gallery-item__image\" data-thumbnail=\"https:\/\/sentou.fr\/wp-content\/uploads\/2021\/11\/mobile-sculpture-sol-red-solito-sentou-2-300x300.jpg\" data-width=\"300\" data-height=\"300\" aria-label=\"Mobile \u00e0 suspendre design Sol Red cr\u00e9\u00e9 par Solito - Sentou Paris\" role=\"img\" ><\/div>\n\t\t\t\t\t\t\t\t\t\t\t<div class=\"elementor-gallery-item__overlay\"><\/div>\n\t\t\t\t\t\t\t\t\t\t\t\t\t\t\t<div class=\"elementor-gallery-item__content\">\n\t\t\t\t\t\t\t\t\t\t\t\t\t\t<div class=\"elementor-gallery-item__title\">\n\t\t\t\t\t\t\t\t\t\t\t\t\t\t\t\t\t\tUn style unique et original\t\t\t\t\t\t\t\t<\/div>\n\t\t\t\t\t\t\t\t\t\t\t\t<\/div>\n\t\t\t\t\t\t\t\t\t<\/div>\n\t\t\t\t\t<\/div>\n\t\t\t\t\t<\/div>\n\t\t\t\t<\/div>\n\t\t\t\t\t<\/div>\n\t\t\t\t<\/div>\n\t\t<div class=\"elementor-element elementor-element-6f04b47 e-flex e-con-boxed e-con e-parent\" data-id=\"6f04b47\" data-element_type=\"container\" data-e-type=\"container\">\n\t\t\t\t\t<div class=\"e-con-inner\">\n\t\t\t\t<div class=\"elementor-element elementor-element-945204d elementor-widget-divider--view-line_text elementor-widget-divider--element-align-left elementor-invisible elementor-widget elementor-widget-divider\" data-id=\"945204d\" data-element_type=\"widget\" data-e-type=\"widget\" data-settings=\"{&quot;_animation&quot;:&quot;slideInUp&quot;}\" data-widget_type=\"divider.default\">\n\t\t\t\t<div class=\"elementor-widget-container\">\n\t\t\t\t\t\t\t<div class=\"elementor-divider\">\n\t\t\t<span class=\"elementor-divider-separator\">\n\t\t\t\t\t\t\t<h2 class=\"elementor-divider__text elementor-divider__element\">\n\t\t\t\tDans l'E-Shop\t\t\t\t<\/h2>\n\t\t\t\t\t\t<\/span>\n\t\t<\/div>\n\t\t\t\t\t\t<\/div>\n\t\t\t\t<\/div>\n\t\t\t\t<div class=\"elementor-element elementor-element-6ae3039 elementor-widget elementor-widget-menu-anchor\" data-id=\"6ae3039\" data-element_type=\"widget\" data-e-type=\"widget\" data-widget_type=\"menu-anchor.default\">\n\t\t\t\t<div class=\"elementor-widget-container\">\n\t\t\t\t\t\t\t<div class=\"elementor-menu-anchor\" id=\"collection\"><\/div>\n\t\t\t\t\t\t<\/div>\n\t\t\t\t<\/div>\n\t\t\t\t<div class=\"elementor-element elementor-element-e7d8a23 uael-sale-flash-circle elementor-widget elementor-widget-uael-woo-products\" data-id=\"e7d8a23\" data-element_type=\"widget\" data-e-type=\"widget\" data-settings=\"{&quot;_animation&quot;:&quot;none&quot;,&quot;products_columns&quot;:&quot;4&quot;,&quot;products_columns_tablet&quot;:&quot;3&quot;,&quot;products_columns_mobile&quot;:&quot;1&quot;}\" data-widget_type=\"uael-woo-products.grid-default\">\n\t\t\t\t<div class=\"elementor-widget-container\">\n\t\t\t\t\t<div class=\"uael-woocommerce uael-woo-products-grid uael-woo-skin-grid-default uael-woo-query-manual\" data-page=\"8968\" data-skin=\"grid_default\"><div class=\"columns-4 uael-woo-products-inner uael-woo-product__column-4 uael-woo-product__column-tablet-3 uael-woo-product__column-mobile-1 uael-woo-product__hover-zoom\"><ul class=\"products columns-4\">\n\n\n<li class=\"d\u00e9co collectors judit benach mobiles post-8809 product first outofstock taxable shipping-taxable purchasable product-type-simple\">\n\t<div class=\"uael-woo-product-wrapper uael-prod-auto-align-disabled\">\n\t\t<div class=\"uael-woo-products-thumbnail-wrap\"><div class=\"uael-flash-container\"><\/div><a href=\"https:\/\/sentou.fr\/el\/produit\/mobile-sol-red\/\" class=\"woocommerce-LoopProduct-link woocommerce-loop-product__link\"><img decoding=\"async\" width=\"300\" height=\"300\" src=\"https:\/\/sentou.fr\/wp-content\/uploads\/2021\/11\/mobile-sculpture-sol-red-solito-sentou-3-300x300.jpg\" class=\"attachment-woocommerce_thumbnail size-woocommerce_thumbnail\" alt=\"Mobile \u00e0 suspendre design Sol Red cr\u00e9\u00e9 par Solito - Sentou Paris\" \/><\/a><span class=\"uael-out-of-stock\">Out of stock<\/span><\/div><div class=\"uael-woo-products-summary-wrap uael-auto-align-disabled\">\t\t\t<span class=\"uael-woo-product-category\">\n\t\t\t\tD\u00e9co\t\t\t<\/span> \n\t\t\t<a href=\"https:\/\/sentou.fr\/el\/produit\/mobile-sol-red\/\" class=\"uael-loop-product__link\"><h2 class=\"woocommerce-loop-product__title\">Mobile SOL RED<\/h2><\/a>\n\t<span class=\"price\"><span class=\"woocommerce-Price-amount amount\"><bdi>435,00<span class=\"woocommerce-Price-currencySymbol\">&euro;<\/span><\/bdi><\/span><\/span>\n<\/div>\t<\/div>\n<\/li>\n\n\n<li class=\"d\u00e9co cadeaux judit benach mobiles post-8808 product  instock taxable shipping-taxable purchasable product-type-simple\">\n\t<div class=\"uael-woo-product-wrapper uael-prod-auto-align-disabled\">\n\t\t<div class=\"uael-woo-products-thumbnail-wrap\"><div class=\"uael-flash-container\"><\/div><a href=\"https:\/\/sentou.fr\/el\/produit\/mobile-spiga\/\" class=\"woocommerce-LoopProduct-link woocommerce-loop-product__link\"><img decoding=\"async\" width=\"300\" height=\"300\" src=\"https:\/\/sentou.fr\/wp-content\/uploads\/2021\/11\/mobile-sculpture-spiga-solito-sentou-1-300x300.jpg\" class=\"attachment-woocommerce_thumbnail size-woocommerce_thumbnail\" alt=\"Mobile \u00e0 suspendre design Spiga cr\u00e9\u00e9 par Solito - Sentou Paris\" \/><\/a><\/div><div class=\"uael-woo-products-summary-wrap uael-auto-align-disabled\">\t\t\t<span class=\"uael-woo-product-category\">\n\t\t\t\tD\u00e9co\t\t\t<\/span> \n\t\t\t<a href=\"https:\/\/sentou.fr\/el\/produit\/mobile-spiga\/\" class=\"uael-loop-product__link\"><h2 class=\"woocommerce-loop-product__title\">Mobile SPIGA<\/h2><\/a>\n\t<span class=\"price\"><span class=\"woocommerce-Price-amount amount\"><bdi>435,00<span class=\"woocommerce-Price-currencySymbol\">&euro;<\/span><\/bdi><\/span><\/span>\n<\/div>\t<\/div>\n<\/li>\n\n\n<li class=\"d\u00e9co judit benach mobiles post-8812 product  instock taxable shipping-taxable purchasable product-type-simple\">\n\t<div class=\"uael-woo-product-wrapper uael-prod-auto-align-disabled\">\n\t\t<div class=\"uael-woo-products-thumbnail-wrap\"><div class=\"uael-flash-container\"><\/div><a href=\"https:\/\/sentou.fr\/el\/produit\/mobile-paprika\/\" class=\"woocommerce-LoopProduct-link woocommerce-loop-product__link\"><img loading=\"lazy\" decoding=\"async\" width=\"300\" height=\"300\" src=\"https:\/\/sentou.fr\/wp-content\/uploads\/2021\/11\/mobile-sculpture-paprika-solito-sentou-1-300x300.jpg\" class=\"attachment-woocommerce_thumbnail size-woocommerce_thumbnail\" alt=\"Mobile \u00e0 suspendre design Paprika cr\u00e9\u00e9 par Solito - Sentou Paris\" \/><\/a><\/div><div class=\"uael-woo-products-summary-wrap uael-auto-align-disabled\">\t\t\t<span class=\"uael-woo-product-category\">\n\t\t\t\tD\u00e9co\t\t\t<\/span> \n\t\t\t<a href=\"https:\/\/sentou.fr\/el\/produit\/mobile-paprika\/\" class=\"uael-loop-product__link\"><h2 class=\"woocommerce-loop-product__title\">Mobile PAPRIKA<\/h2><\/a>\n\t<span class=\"price\"><span class=\"woocommerce-Price-amount amount\"><bdi>435,00<span class=\"woocommerce-Price-currencySymbol\">&euro;<\/span><\/bdi><\/span><\/span>\n<\/div>\t<\/div>\n<\/li>\n\n\n<li class=\"d\u00e9co judit benach mobiles post-8813 product last instock taxable shipping-taxable purchasable product-type-simple\">\n\t<div class=\"uael-woo-product-wrapper uael-prod-auto-align-disabled\">\n\t\t<div class=\"uael-woo-products-thumbnail-wrap\"><div class=\"uael-flash-container\"><\/div><a href=\"https:\/\/sentou.fr\/el\/produit\/mobile-kazimir\/\" class=\"woocommerce-LoopProduct-link woocommerce-loop-product__link\"><img loading=\"lazy\" decoding=\"async\" width=\"300\" height=\"300\" src=\"https:\/\/sentou.fr\/wp-content\/uploads\/2021\/11\/mobile-sculpture-kazimir-solito-sentou-1-300x300.jpg\" class=\"attachment-woocommerce_thumbnail size-woocommerce_thumbnail\" alt=\"Mobile \u00e0 suspendre design Kazimir cr\u00e9\u00e9 par Solito - Sentou Paris\" \/><\/a><\/div><div class=\"uael-woo-products-summary-wrap uael-auto-align-disabled\">\t\t\t<span class=\"uael-woo-product-category\">\n\t\t\t\tD\u00e9co\t\t\t<\/span> \n\t\t\t<a href=\"https:\/\/sentou.fr\/el\/produit\/mobile-kazimir\/\" class=\"uael-loop-product__link\"><h2 class=\"woocommerce-loop-product__title\">Mobile KAZIMIR<\/h2><\/a>\n\t<span class=\"price\"><span class=\"woocommerce-Price-amount amount\"><bdi>470,00<span class=\"woocommerce-Price-currencySymbol\">&euro;<\/span><\/bdi><\/span><\/span>\n<\/div>\t<\/div>\n<\/li>\n\n\n<li class=\"d\u00e9co collectors design judit benach mobiles post-8811 product first instock taxable shipping-taxable purchasable product-type-simple\">\n\t<div class=\"uael-woo-product-wrapper uael-prod-auto-align-disabled\">\n\t\t<div class=\"uael-woo-products-thumbnail-wrap\"><div class=\"uael-flash-container\"><\/div><a href=\"https:\/\/sentou.fr\/el\/produit\/mobile-sol-large\/\" class=\"woocommerce-LoopProduct-link woocommerce-loop-product__link\"><img loading=\"lazy\" decoding=\"async\" width=\"300\" height=\"300\" src=\"https:\/\/sentou.fr\/wp-content\/uploads\/2021\/11\/mobile-sculpture-sol-large-solito-sentou-1-300x300.jpg\" class=\"attachment-woocommerce_thumbnail size-woocommerce_thumbnail\" alt=\"Mobile \u00e0 suspendre design Sol Large cr\u00e9\u00e9 par Solito - Sentou Paris\" \/><\/a><\/div><div class=\"uael-woo-products-summary-wrap uael-auto-align-disabled\">\t\t\t<span class=\"uael-woo-product-category\">\n\t\t\t\tD\u00e9co\t\t\t<\/span> \n\t\t\t<a href=\"https:\/\/sentou.fr\/el\/produit\/mobile-sol-large\/\" class=\"uael-loop-product__link\"><h2 class=\"woocommerce-loop-product__title\">Mobile SOL LARGE<\/h2><\/a>\n\t<span class=\"price\"><span class=\"woocommerce-Price-amount amount\"><bdi>790,00<span class=\"woocommerce-Price-currencySymbol\">&euro;<\/span><\/bdi><\/span><\/span>\n<\/div>\t<\/div>\n<\/li>\n\n\n<li class=\"d\u00e9co judit benach mobiles post-8810 product  instock taxable shipping-taxable purchasable product-type-simple\">\n\t<div class=\"uael-woo-product-wrapper uael-prod-auto-align-disabled\">\n\t\t<div class=\"uael-woo-products-thumbnail-wrap\"><div class=\"uael-flash-container\"><\/div><a href=\"https:\/\/sentou.fr\/el\/produit\/mobile-ray\/\" class=\"woocommerce-LoopProduct-link woocommerce-loop-product__link\"><img loading=\"lazy\" decoding=\"async\" width=\"300\" height=\"300\" src=\"https:\/\/sentou.fr\/wp-content\/uploads\/2021\/11\/mobile-sculpture-ray-solito-sentou-1-300x300.jpg\" class=\"attachment-woocommerce_thumbnail size-woocommerce_thumbnail\" alt=\"Mobile \u00e0 suspendre design Ray cr\u00e9\u00e9 par Solito - Sentou Paris\" \/><\/a><\/div><div class=\"uael-woo-products-summary-wrap uael-auto-align-disabled\">\t\t\t<span class=\"uael-woo-product-category\">\n\t\t\t\tD\u00e9co\t\t\t<\/span> \n\t\t\t<a href=\"https:\/\/sentou.fr\/el\/produit\/mobile-ray\/\" class=\"uael-loop-product__link\"><h2 class=\"woocommerce-loop-product__title\">Mobile RAY<\/h2><\/a>\n\t<span class=\"price\"><span class=\"woocommerce-Price-amount amount\"><bdi>435,00<span class=\"woocommerce-Price-currencySymbol\">&euro;<\/span><\/bdi><\/span><\/span>\n<\/div>\t<\/div>\n<\/li>\n\n\n<li class=\"d\u00e9co judit benach mobiles post-8806 product  instock taxable shipping-taxable purchasable product-type-simple\">\n\t<div class=\"uael-woo-product-wrapper uael-prod-auto-align-disabled\">\n\t\t<div class=\"uael-woo-products-thumbnail-wrap\"><div class=\"uael-flash-container\"><\/div><a href=\"https:\/\/sentou.fr\/el\/produit\/mobile-sol-mix\/\" class=\"woocommerce-LoopProduct-link woocommerce-loop-product__link\"><img loading=\"lazy\" decoding=\"async\" width=\"300\" height=\"300\" src=\"https:\/\/sentou.fr\/wp-content\/uploads\/2021\/11\/mobile-sculpture-sol-mixed-solito-sentou-2-300x300.jpg\" class=\"attachment-woocommerce_thumbnail size-woocommerce_thumbnail\" alt=\"Mobile \u00e0 suspendre design Sol Mixed cr\u00e9\u00e9 par Solito - Sentou Paris\" \/><\/a><\/div><div class=\"uael-woo-products-summary-wrap uael-auto-align-disabled\">\t\t\t<span class=\"uael-woo-product-category\">\n\t\t\t\tD\u00e9co\t\t\t<\/span> \n\t\t\t<a href=\"https:\/\/sentou.fr\/el\/produit\/mobile-sol-mix\/\" class=\"uael-loop-product__link\"><h2 class=\"woocommerce-loop-product__title\">Mobile SOL MIX<\/h2><\/a>\n\t<span class=\"price\"><span class=\"woocommerce-Price-amount amount\"><bdi>435,00<span class=\"woocommerce-Price-currencySymbol\">&euro;<\/span><\/bdi><\/span><\/span>\n<\/div>\t<\/div>\n<\/li>\n\n\n<li class=\"d\u00e9co design judit benach mobiles post-8803 product last outofstock taxable shipping-taxable purchasable product-type-simple\">\n\t<div class=\"uael-woo-product-wrapper uael-prod-auto-align-disabled\">\n\t\t<div class=\"uael-woo-products-thumbnail-wrap\"><div class=\"uael-flash-container\"><\/div><a href=\"https:\/\/sentou.fr\/el\/produit\/mobile-olivum\/\" class=\"woocommerce-LoopProduct-link woocommerce-loop-product__link\"><img loading=\"lazy\" decoding=\"async\" width=\"300\" height=\"300\" src=\"https:\/\/sentou.fr\/wp-content\/uploads\/2021\/11\/mobile-sculpture-olivum-solito-sentou-2-300x300.jpg\" class=\"attachment-woocommerce_thumbnail size-woocommerce_thumbnail\" alt=\"Mobile \u00e0 suspendre design Olivum cr\u00e9\u00e9 par Solito - Sentou Paris\" \/><\/a><span class=\"uael-out-of-stock\">Out of stock<\/span><\/div><div class=\"uael-woo-products-summary-wrap uael-auto-align-disabled\">\t\t\t<span class=\"uael-woo-product-category\">\n\t\t\t\tD\u00e9co\t\t\t<\/span> \n\t\t\t<a href=\"https:\/\/sentou.fr\/el\/produit\/mobile-olivum\/\" class=\"uael-loop-product__link\"><h2 class=\"woocommerce-loop-product__title\">Mobile OLIVUM<\/h2><\/a>\n\t<span class=\"price\"><span class=\"woocommerce-Price-amount amount\"><bdi>435,00<span class=\"woocommerce-Price-currencySymbol\">&euro;<\/span><\/bdi><\/span><\/span>\n<\/div>\t<\/div>\n<\/li>\n<\/ul>\n<\/div><\/div>\t\t\t\t<\/div>\n\t\t\t\t<\/div>\n\t\t\t\t\t<\/div>\n\t\t\t\t<\/div>\n\t\t<div class=\"elementor-element elementor-element-078f1ce e-flex e-con-boxed e-con e-parent\" data-id=\"078f1ce\" data-element_type=\"container\" data-e-type=\"container\">\n\t\t\t\t\t<div class=\"e-con-inner\">\n\t\t\t\t<div class=\"elementor-element elementor-element-4affc25 elementor-align-right elementor-widget elementor-widget-button\" data-id=\"4affc25\" data-element_type=\"widget\" data-e-type=\"widget\" data-widget_type=\"button.default\">\n\t\t\t\t<div class=\"elementor-widget-container\">\n\t\t\t\t\t\t\t\t\t<div class=\"elementor-button-wrapper\">\n\t\t\t\t\t<a class=\"elementor-button elementor-button-link elementor-size-sm\" href=\"https:\/\/sentou.fr\/el\/product-category\/e-shop\/designers\/judit-benach\/\">\n\t\t\t\t\t\t<span class=\"elementor-button-content-wrapper\">\n\t\t\t\t\t\t<span class=\"elementor-button-icon\">\n\t\t\t\t<i aria-hidden=\"true\" class=\"fas fa-long-arrow-alt-right\"><\/i>\t\t\t<\/span>\n\t\t\t\t\t\t\t\t\t<span class=\"elementor-button-text\">Voir la collection<\/span>\n\t\t\t\t\t<\/span>\n\t\t\t\t\t<\/a>\n\t\t\t\t<\/div>\n\t\t\t\t\t\t\t\t<\/div>\n\t\t\t\t<\/div>\n\t\t\t\t\t<\/div>\n\t\t\t\t<\/div>\n\t\t\t\t<\/div>","protected":false},"excerpt":{"rendered":"<p>Judit Benach Voir la collection Judit a pass\u00e9 la plupart des \u00e9t\u00e9s de son enfance dans l\u2019atelier de c\u00e9ramique et de peinture de ses grands-parents, rattach\u00e9 \u00e0 la maison de campagne familiale sur la c\u00f4te m\u00e9diterran\u00e9enne, au sud de Barcelone. Elle s\u2019est toujours \u00e9merveill\u00e9e des formes et des objets color\u00e9s cr\u00e9\u00e9s dans cet espace, et [&hellip;]<\/p>\n","protected":false},"author":7,"featured_media":0,"parent":0,"menu_order":0,"comment_status":"closed","ping_status":"closed","template":"elementor_header_footer","meta":{"site-sidebar-layout":"no-sidebar","site-content-layout":"page-builder","ast-site-content-layout":"full-width-container","site-content-style":"unboxed","site-sidebar-style":"unboxed","ast-global-header-display":"","ast-banner-title-visibility":"","ast-main-header-display":"","ast-hfb-above-header-display":"","ast-hfb-below-header-display":"","ast-hfb-mobile-header-display":"","site-post-title":"disabled","ast-breadcrumbs-content":"","ast-featured-img":"disabled","footer-sml-layout":"","ast-disable-related-posts":"","theme-transparent-header-meta":"","adv-header-id-meta":"","stick-header-meta":"","header-above-stick-meta":"","header-main-stick-meta":"","header-below-stick-meta":"","astra-migrate-meta-layouts":"set","ast-page-background-enabled":"default","ast-page-background-meta":{"desktop":{"background-color":"","background-image":"","background-repeat":"repeat","background-position":"center center","background-size":"auto","background-attachment":"scroll","background-type":"","background-media":"","overlay-type":"","overlay-color":"","overlay-opacity":"","overlay-gradient":""},"tablet":{"background-color":"","background-image":"","background-repeat":"repeat","background-position":"center center","background-size":"auto","background-attachment":"scroll","background-type":"","background-media":"","overlay-type":"","overlay-color":"","overlay-opacity":"","overlay-gradient":""},"mobile":{"background-color":"","background-image":"","background-repeat":"repeat","background-position":"center center","background-size":"auto","background-attachment":"scroll","background-type":"","background-media":"","overlay-type":"","overlay-color":"","overlay-opacity":"","overlay-gradient":""}},"ast-content-background-meta":{"desktop":{"background-color":"var(--ast-global-color-5)","background-image":"","background-repeat":"repeat","background-position":"center center","background-size":"auto","background-attachment":"scroll","background-type":"","background-media":"","overlay-type":"","overlay-color":"","overlay-opacity":"","overlay-gradient":""},"tablet":{"background-color":"var(--ast-global-color-5)","background-image":"","background-repeat":"repeat","background-position":"center center","background-size":"auto","background-attachment":"scroll","background-type":"","background-media":"","overlay-type":"","overlay-color":"","overlay-opacity":"","overlay-gradient":""},"mobile":{"background-color":"var(--ast-global-color-5)","background-image":"","background-repeat":"repeat","background-position":"center center","background-size":"auto","background-attachment":"scroll","background-type":"","background-media":"","overlay-type":"","overlay-color":"","overlay-opacity":"","overlay-gradient":""}},"footnotes":""},"class_list":["post-8968","page","type-page","status-publish","hentry","desktop-align-left","tablet-align-left","mobile-align-left","ast-product-gallery-layout-horizontal","ast-qv-on-image"],"_links":{"self":[{"href":"https:\/\/sentou.fr\/el\/wp-json\/wp\/v2\/pages\/8968","targetHints":{"allow":["GET"]}}],"collection":[{"href":"https:\/\/sentou.fr\/el\/wp-json\/wp\/v2\/pages"}],"about":[{"href":"https:\/\/sentou.fr\/el\/wp-json\/wp\/v2\/types\/page"}],"author":[{"embeddable":true,"href":"https:\/\/sentou.fr\/el\/wp-json\/wp\/v2\/users\/7"}],"replies":[{"embeddable":true,"href":"https:\/\/sentou.fr\/el\/wp-json\/wp\/v2\/comments?post=8968"}],"version-history":[{"count":0,"href":"https:\/\/sentou.fr\/el\/wp-json\/wp\/v2\/pages\/8968\/revisions"}],"wp:attachment":[{"href":"https:\/\/sentou.fr\/el\/wp-json\/wp\/v2\/media?parent=8968"}],"curies":[{"name":"wp","href":"https:\/\/api.w.org\/{rel}","templated":true}]}}